{"id":3,"date":"2023-03-17T11:49:05","date_gmt":"2023-03-17T11:49:05","guid":{"rendered":"https:\/\/w4atech.jcloud.ik-server.com\/?page_id=3"},"modified":"2025-02-19T12:52:04","modified_gmt":"2025-02-19T12:52:04","slug":"mentions-legales","status":"publish","type":"page","link":"https:\/\/work4all.tech\/en\/mentions-legales\/","title":{"rendered":"LEGAL NOTICE"},"content":{"rendered":"\t\t<div data-elementor-type=\"wp-page\" data-elementor-id=\"3\" class=\"elementor elementor-3\" data-elementor-post-type=\"page\">\n\t\t\t\t\t\t<section class=\"elementor-section elementor-top-section elementor-element elementor-element-4ce82609 elementor-section-boxed elementor-section-height-default elementor-section-height-default\" data-id=\"4ce82609\" data-element_type=\"section\" data-e-type=\"section\">\n\t\t\t\t\t\t<div class=\"elementor-container elementor-column-gap-default\">\n\t\t\t\t\t<div class=\"elementor-column elementor-col-100 elementor-top-column elementor-element elementor-element-3131df20\" data-id=\"3131df20\" data-element_type=\"column\" data-e-type=\"column\">\n\t\t\t<div class=\"elementor-widget-wrap elementor-element-populated\">\n\t\t\t\t\t\t<div class=\"elementor-element elementor-element-8f7b8f6 elementor-widget elementor-widget-text-editor\" data-id=\"8f7b8f6\" data-element_type=\"widget\" data-e-type=\"widget\" data-widget_type=\"text-editor.default\">\n\t\t\t\t<div class=\"elementor-widget-container\">\n\t\t\t\t\t\t\t\t\t\n<p>Le domaine <strong>Work4All.Tec<\/strong>h appartient \u00e0 Javier Morales, Informaticien de gestion avec Br\u00e9vet F\u00e9d\u00e9ral.<\/p>\n<p>Raison individuel avec registre CHE-325.792.241 <\/p>\n<p>Si\u00e8ge \u00e0 rue du Borgeaud 9A, 1196 Gland &#8211; VD Suisse.<\/p>\n\n<p>T\u00e9l\u00e9phone : Plus 41 &#8211; (0)79 445 95 35<\/p>\n\n<p>E-mail : info[arrobas]work4all.tech<\/p>\n\n<p>Il est le propri\u00e9taire des droits de propri\u00e9t\u00e9 intellectuelle et d\u00e9tient les droits d\u2019usage sur tous les \u00e9l\u00e9ments accessibles sur le site, notamment : les textes, les images, les graphismes, le logo, les ic\u00f4nes.<\/p>\n\n<p>Toute reproduction, repr\u00e9sentation, modification, publication, adaptation de tout ou partie des \u00e9l\u00e9ments du site, quel que soit le moyen ou le proc\u00e9d\u00e9 utilis\u00e9, est interdite, sauf autorisation \u00e9crite pr\u00e9alable de l\u2019entreprise Work4all.<\/p>\n\n<p>Toute exploitation non autoris\u00e9e du site ou d\u2019un quelconque \u00e9l\u00e9ment qu\u2019il contient sera consid\u00e9r\u00e9e comme constitutive d\u2019une contrefa\u00e7on et poursuivie conform\u00e9ment aux dispositions des articles L.335-2 et suivants du Code de Propri\u00e9t\u00e9 Intellectuelle.<\/p>\n\n<p>La connexion, l\u2019utilisation et l\u2019acc\u00e8s \u00e0 ce Site impliquent l\u2019acceptation int\u00e9grale et sans r\u00e9serve de l\u2019internaute de toutes les dispositions des pr\u00e9sentes Mentions L\u00e9gales.<\/p>\n\n<h2 class=\"wp-block-heading\">Responsable de publication<\/h2>\n\n<p>Le site web https:\/\/work4all.tech est \u00e9dit\u00e9 par Javier Morales<\/p>\n\n<h2 class=\"wp-block-heading\">Conception<\/h2>\n\n<p>Site web r\u00e9alis\u00e9 avec des technologies Open source par le propri\u00e9taire, pour toute question \u00e9crivez \u00e0\u00a0info[arrobas]work4all.tech<\/p>\n\n<h2 class=\"wp-block-heading\">H\u00e9bergeur<\/h2>\n\n<p>Le bureau virtuel de Work4all.Tech,\u00a0Services Informatiques &amp; Consulting\u00a0est h\u00e9berg\u00e9 par la soci\u00e9t\u00e9\u00a0<a href=\"https:\/\/www.infomaniak.ch\/\" target=\"_blank\" rel=\"noreferrer noopener\">Infomaniak<\/a>\u00a0SA<\/p>\n\n<p>25 Eug\u00e8ne-Marziano<br \/>CH 1227 Les Acacias<br \/>T\u00e9l. : +41 22\u00a0820 35 44<\/p>\n\n<h2 class=\"wp-block-heading\">Cookies<\/h2>\n\n<p>Si vous laissez un commentaire sur notre site, vous pouvez choisir d&rsquo;enregistrer votre nom, votre adresse e-mail et votre site Web dans des cookies. Ceux-ci sont pour votre commodit\u00e9 afin que vous n&rsquo;ayez pas \u00e0 remplir \u00e0 nouveau vos coordonn\u00e9es lorsque vous laissez un autre commentaire. Ces cookies dureront un an.<\/p>\n\n<p>Si vous visitez notre page de connexion, nous installerons un cookie temporaire pour d\u00e9terminer si votre navigateur accepte les cookies. Ce cookie ne contient aucune donn\u00e9e personnelle et est supprim\u00e9 lorsque vous fermez votre navigateur.<\/p>\n\n<p>Lors de votre connexion, nous mettrons \u00e9galement en place plusieurs cookies pour enregistrer vos informations de connexion et vos choix d&rsquo;affichage \u00e0 l&rsquo;\u00e9cran. Les cookies de connexion durent deux jours et les cookies d&rsquo;options d&rsquo;\u00e9cran durent un an. Si vous s\u00e9lectionnez \u00ab\u00a0Se souvenir de moi\u00a0\u00bb, votre connexion persistera pendant deux semaines. Si vous vous d\u00e9connectez de votre compte, les cookies de connexion seront supprim\u00e9s.<\/p>\n\n<p>Si vous modifiez ou publiez un article, un cookie suppl\u00e9mentaire sera enregistr\u00e9 dans votre navigateur. Ce cookie ne contient aucune donn\u00e9e personnelle et indique simplement l&rsquo;identifiant de publication de l&rsquo;article que vous venez d&rsquo;\u00e9diter. Il expire apr\u00e8s 1 jour.<\/p>\n\n<p>\u00a0<\/p>\n\n<h2 class=\"wp-block-heading\">Avec qui partageons-nous vos donn\u00e9es<\/h2>\n\n<p>Les donn\u00e9es de visiteurs qui nous contactent sont conserv\u00e9s dans notre data base et ne sont pas partag\u00e9s avec qui que ce soit par aucun service ou quelconque utilit\u00e9. Si vous demandez une r\u00e9initialisation de mot de passe, votre adresse IP sera incluse dans l&rsquo;e-mail de r\u00e9initialisation.<\/p>\n\n<h2 class=\"wp-block-heading\">Combien de temps conservons-nous vos donn\u00e9es<\/h2>\n\n<p>Si vous laissez un commentaire, le commentaire et ses m\u00e9tadonn\u00e9es sont conserv\u00e9s ind\u00e9finiment. Cela nous permet de reconna\u00eetre et d&rsquo;approuver automatiquement tous les commentaires de suivi au lieu de les conserver dans une file d&rsquo;attente de mod\u00e9ration.<\/p>\n\n<p>Pour les utilisateurs qui s&rsquo;inscrivent sur notre site Web (le cas \u00e9ch\u00e9ant), nous stockons \u00e9galement les informations personnelles qu&rsquo;ils fournissent dans leur profil d&rsquo;utilisateur. Tous les utilisateurs peuvent voir, modifier ou supprimer leurs informations personnelles \u00e0 tout moment (sauf qu&rsquo;ils ne peuvent pas changer leur nom d&rsquo;utilisateur). Les administrateurs du site Web peuvent \u00e9galement voir et modifier ces informations.<\/p>\n\n<p>Si vous avez un compte sur ce site, ou avez laiss\u00e9 des commentaires, vous pouvez demander \u00e0 recevoir un fichier export\u00e9 des donn\u00e9es personnelles que nous d\u00e9tenons \u00e0 votre sujet, y compris toutes les donn\u00e9es que vous nous avez fournies. Vous pouvez \u00e9galement nous demander d&rsquo;effacer toutes les donn\u00e9es personnelles que nous d\u00e9tenons \u00e0 votre sujet. Cela n&rsquo;inclut pas les donn\u00e9es que nous sommes oblig\u00e9s de conserver \u00e0 des fins administratives, juridiques ou de s\u00e9curit\u00e9.<\/p>\n\n<p>Les commentaires des visiteurs peuvent \u00eatre v\u00e9rifi\u00e9s par un service automatis\u00e9 de d\u00e9tection de spam.<\/p>\n\t\t\t\t\t\t\t\t<\/div>\n\t\t\t\t<\/div>\n\t\t\t\t\t<\/div>\n\t\t<\/div>\n\t\t\t\t\t<\/div>\n\t\t<\/section>\n\t\t\t\t<\/div>\n\t\t","protected":false},"excerpt":{"rendered":"<p>Le domaine Work4All.Tech appartient \u00e0 Javier Morales, Informaticien de gestion avec Br\u00e9vet F\u00e9d\u00e9ral. Raison individuel avec registre CHE-325.792.241 Si\u00e8ge \u00e0 rue du Borgeaud 9A, 1196 Gland &#8211; VD Suisse. T\u00e9l\u00e9phone : Plus 41 &#8211; (0)79 445 95 35 E-mail : info[arrobas]work4all.tech Il est le propri\u00e9taire des droits de propri\u00e9t\u00e9 intellectuelle et d\u00e9tient les droits d\u2019usage [&hellip;]<\/p>\n","protected":false},"author":2,"featured_media":0,"parent":0,"menu_order":0,"comment_status":"closed","ping_status":"closed","template":"","meta":{"footnotes":""},"class_list":["post-3","page","type-page","status-publish","hentry"],"yoast_head":"<!-- This site is optimized with the Yoast SEO plugin v27.5 - https:\/\/yoast.com\/product\/yoast-seo-wordpress\/ -->\n<title>MENTIONS L\u00c9GALES - Consulting et Services informatique<\/title>\n<meta name=\"robots\" content=\"index, follow, max-snippet:-1, max-image-preview:large, max-video-preview:-1\" \/>\n<link rel=\"canonical\" href=\"https:\/\/work4all.tech\/en\/mentions-legales\/\" \/>\n<meta property=\"og:locale\" content=\"en_US\" \/>\n<meta property=\"og:type\" content=\"article\" \/>\n<meta property=\"og:title\" content=\"MENTIONS L\u00c9GALES - Consulting et Services informatique\" \/>\n<meta property=\"og:description\" content=\"Le domaine Work4All.Tech appartient \u00e0 Javier Morales, Informaticien de gestion avec Br\u00e9vet F\u00e9d\u00e9ral. Raison individuel avec registre CHE-325.792.241 Si\u00e8ge \u00e0 rue du Borgeaud 9A, 1196 Gland &#8211; VD Suisse. T\u00e9l\u00e9phone : Plus 41 &#8211; (0)79 445 95 35 E-mail : info[arrobas]work4all.tech Il est le propri\u00e9taire des droits de propri\u00e9t\u00e9 intellectuelle et d\u00e9tient les droits d\u2019usage [&hellip;]\" \/>\n<meta property=\"og:url\" content=\"https:\/\/work4all.tech\/en\/mentions-legales\/\" \/>\n<meta property=\"og:site_name\" content=\"Consulting et Services informatique\" \/>\n<meta property=\"article:modified_time\" content=\"2025-02-19T12:52:04+00:00\" \/>\n<meta property=\"og:image\" content=\"https:\/\/work4all.tech\/wp-content\/uploads\/2023\/03\/w4atech.jpg\" \/>\n\t<meta property=\"og:image:width\" content=\"1200\" \/>\n\t<meta property=\"og:image:height\" content=\"596\" \/>\n\t<meta property=\"og:image:type\" content=\"image\/jpeg\" \/>\n<meta name=\"twitter:card\" content=\"summary_large_image\" \/>\n<meta name=\"twitter:label1\" content=\"Est. reading time\" \/>\n\t<meta name=\"twitter:data1\" content=\"4 minutes\" \/>\n<script type=\"application\/ld+json\" class=\"yoast-schema-graph\">{\"@context\":\"https:\\\/\\\/schema.org\",\"@graph\":[{\"@type\":\"WebPage\",\"@id\":\"https:\\\/\\\/work4all.tech\\\/mentions-legales\\\/\",\"url\":\"https:\\\/\\\/work4all.tech\\\/mentions-legales\\\/\",\"name\":\"MENTIONS L\u00c9GALES - Consulting et Services informatique\",\"isPartOf\":{\"@id\":\"https:\\\/\\\/work4all.tech\\\/#website\"},\"datePublished\":\"2023-03-17T11:49:05+00:00\",\"dateModified\":\"2025-02-19T12:52:04+00:00\",\"breadcrumb\":{\"@id\":\"https:\\\/\\\/work4all.tech\\\/mentions-legales\\\/#breadcrumb\"},\"inLanguage\":\"en-US\",\"potentialAction\":[{\"@type\":\"ReadAction\",\"target\":[\"https:\\\/\\\/work4all.tech\\\/mentions-legales\\\/\"]}]},{\"@type\":\"BreadcrumbList\",\"@id\":\"https:\\\/\\\/work4all.tech\\\/mentions-legales\\\/#breadcrumb\",\"itemListElement\":[{\"@type\":\"ListItem\",\"position\":1,\"name\":\"Home\",\"item\":\"https:\\\/\\\/work4all.tech\\\/\"},{\"@type\":\"ListItem\",\"position\":2,\"name\":\"MENTIONS L\u00c9GALES\"}]},{\"@type\":\"WebSite\",\"@id\":\"https:\\\/\\\/work4all.tech\\\/#website\",\"url\":\"https:\\\/\\\/work4all.tech\\\/\",\"name\":\"Consulting et Services informatique\",\"description\":\"Javier Morales informaticien de gestion\",\"publisher\":{\"@id\":\"https:\\\/\\\/work4all.tech\\\/#\\\/schema\\\/person\\\/5c22e60445dc76c619a6108975127a13\"},\"alternateName\":\"Work4All-Tech\",\"potentialAction\":[{\"@type\":\"SearchAction\",\"target\":{\"@type\":\"EntryPoint\",\"urlTemplate\":\"https:\\\/\\\/work4all.tech\\\/?s={search_term_string}\"},\"query-input\":{\"@type\":\"PropertyValueSpecification\",\"valueRequired\":true,\"valueName\":\"search_term_string\"}}],\"inLanguage\":\"en-US\"},{\"@type\":[\"Person\",\"Organization\"],\"@id\":\"https:\\\/\\\/work4all.tech\\\/#\\\/schema\\\/person\\\/5c22e60445dc76c619a6108975127a13\",\"name\":\"Javier MORALES\",\"image\":{\"@type\":\"ImageObject\",\"inLanguage\":\"en-US\",\"@id\":\"https:\\\/\\\/work4all.tech\\\/wp-content\\\/uploads\\\/2023\\\/03\\\/javier-morales.png\",\"url\":\"https:\\\/\\\/work4all.tech\\\/wp-content\\\/uploads\\\/2023\\\/03\\\/javier-morales.png\",\"contentUrl\":\"https:\\\/\\\/work4all.tech\\\/wp-content\\\/uploads\\\/2023\\\/03\\\/javier-morales.png\",\"width\":180,\"height\":109,\"caption\":\"Javier MORALES\"},\"logo\":{\"@id\":\"https:\\\/\\\/work4all.tech\\\/wp-content\\\/uploads\\\/2023\\\/03\\\/javier-morales.png\"}}]}<\/script>\n<!-- \/ Yoast SEO plugin. -->","yoast_head_json":{"title":"MENTIONS L\u00c9GALES - Consulting et Services informatique","robots":{"index":"index","follow":"follow","max-snippet":"max-snippet:-1","max-image-preview":"max-image-preview:large","max-video-preview":"max-video-preview:-1"},"canonical":"https:\/\/work4all.tech\/en\/mentions-legales\/","og_locale":"en_US","og_type":"article","og_title":"MENTIONS L\u00c9GALES - Consulting et Services informatique","og_description":"Le domaine Work4All.Tech appartient \u00e0 Javier Morales, Informaticien de gestion avec Br\u00e9vet F\u00e9d\u00e9ral. Raison individuel avec registre CHE-325.792.241 Si\u00e8ge \u00e0 rue du Borgeaud 9A, 1196 Gland &#8211; VD Suisse. T\u00e9l\u00e9phone : Plus 41 &#8211; (0)79 445 95 35 E-mail : info[arrobas]work4all.tech Il est le propri\u00e9taire des droits de propri\u00e9t\u00e9 intellectuelle et d\u00e9tient les droits d\u2019usage [&hellip;]","og_url":"https:\/\/work4all.tech\/en\/mentions-legales\/","og_site_name":"Consulting et Services informatique","article_modified_time":"2025-02-19T12:52:04+00:00","og_image":[{"width":1200,"height":596,"url":"https:\/\/work4all.tech\/wp-content\/uploads\/2023\/03\/w4atech.jpg","type":"image\/jpeg"}],"twitter_card":"summary_large_image","twitter_misc":{"Est. reading time":"4 minutes"},"schema":{"@context":"https:\/\/schema.org","@graph":[{"@type":"WebPage","@id":"https:\/\/work4all.tech\/mentions-legales\/","url":"https:\/\/work4all.tech\/mentions-legales\/","name":"MENTIONS L\u00c9GALES - Consulting et Services informatique","isPartOf":{"@id":"https:\/\/work4all.tech\/#website"},"datePublished":"2023-03-17T11:49:05+00:00","dateModified":"2025-02-19T12:52:04+00:00","breadcrumb":{"@id":"https:\/\/work4all.tech\/mentions-legales\/#breadcrumb"},"inLanguage":"en-US","potentialAction":[{"@type":"ReadAction","target":["https:\/\/work4all.tech\/mentions-legales\/"]}]},{"@type":"BreadcrumbList","@id":"https:\/\/work4all.tech\/mentions-legales\/#breadcrumb","itemListElement":[{"@type":"ListItem","position":1,"name":"Home","item":"https:\/\/work4all.tech\/"},{"@type":"ListItem","position":2,"name":"MENTIONS L\u00c9GALES"}]},{"@type":"WebSite","@id":"https:\/\/work4all.tech\/#website","url":"https:\/\/work4all.tech\/","name":"Consulting et Services informatique","description":"Javier Morales informaticien de gestion","publisher":{"@id":"https:\/\/work4all.tech\/#\/schema\/person\/5c22e60445dc76c619a6108975127a13"},"alternateName":"Work4All-Tech","potentialAction":[{"@type":"SearchAction","target":{"@type":"EntryPoint","urlTemplate":"https:\/\/work4all.tech\/?s={search_term_string}"},"query-input":{"@type":"PropertyValueSpecification","valueRequired":true,"valueName":"search_term_string"}}],"inLanguage":"en-US"},{"@type":["Person","Organization"],"@id":"https:\/\/work4all.tech\/#\/schema\/person\/5c22e60445dc76c619a6108975127a13","name":"Javier MORALES","image":{"@type":"ImageObject","inLanguage":"en-US","@id":"https:\/\/work4all.tech\/wp-content\/uploads\/2023\/03\/javier-morales.png","url":"https:\/\/work4all.tech\/wp-content\/uploads\/2023\/03\/javier-morales.png","contentUrl":"https:\/\/work4all.tech\/wp-content\/uploads\/2023\/03\/javier-morales.png","width":180,"height":109,"caption":"Javier MORALES"},"logo":{"@id":"https:\/\/work4all.tech\/wp-content\/uploads\/2023\/03\/javier-morales.png"}}]}},"_links":{"self":[{"href":"https:\/\/work4all.tech\/en\/wp-json\/wp\/v2\/pages\/3","targetHints":{"allow":["GET"]}}],"collection":[{"href":"https:\/\/work4all.tech\/en\/wp-json\/wp\/v2\/pages"}],"about":[{"href":"https:\/\/work4all.tech\/en\/wp-json\/wp\/v2\/types\/page"}],"author":[{"embeddable":true,"href":"https:\/\/work4all.tech\/en\/wp-json\/wp\/v2\/users\/2"}],"replies":[{"embeddable":true,"href":"https:\/\/work4all.tech\/en\/wp-json\/wp\/v2\/comments?post=3"}],"version-history":[{"count":3,"href":"https:\/\/work4all.tech\/en\/wp-json\/wp\/v2\/pages\/3\/revisions"}],"predecessor-version":[{"id":756,"href":"https:\/\/work4all.tech\/en\/wp-json\/wp\/v2\/pages\/3\/revisions\/756"}],"wp:attachment":[{"href":"https:\/\/work4all.tech\/en\/wp-json\/wp\/v2\/media?parent=3"}],"curies":[{"name":"wp","href":"https:\/\/api.w.org\/{rel}","templated":true}]}}